{"id":13744,"date":"2019-02-14T10:41:25","date_gmt":"2019-02-14T09:41:25","guid":{"rendered":"https:\/\/www.secify.com\/information-security\/dataskyddsforordningen-gdpr\/"},"modified":"2025-06-19T14:33:29","modified_gmt":"2025-06-19T12:33:29","slug":"gdpr","status":"publish","type":"page","link":"https:\/\/cranky-liskov-4cf418.wp.onstaatic.com\/en\/information-security\/gdpr\/","title":{"rendered":"GDPR"},"content":{"rendered":"<div class=\"fusion-fullwidth fullwidth-box fusion-builder-row-1 fusion-flex-container has-pattern-background has-mask-background nonhundred-percent-fullwidth non-hundred-percent-height-scrolling\" style=\"--awb-border-radius-top-left:0px;--awb-border-radius-top-right:0px;--awb-border-radius-bottom-right:0px;--awb-border-radius-bottom-left:0px;--awb-padding-top:30px;--awb-padding-bottom:30px;--awb-padding-top-small:0px;--awb-padding-bottom-small:0px;--awb-margin-top:30px;--awb-margin-bottom:30px;--awb-background-color:#f6f6f6;--awb-flex-wrap:wrap;\" ><div class=\"fusion-builder-row fusion-row fusion-flex-align-items-flex-start fusion-flex-content-wrap\" style=\"max-width:1248px;margin-left: calc(-4% \/ 2 );margin-right: calc(-4% \/ 2 );\"><div class=\"fusion-layout-column fusion_builder_column fusion-builder-column-0 fusion_builder_column_3_5 3_5 fusion-flex-column\" style=\"--awb-bg-size:cover;--awb-width-large:60%;--awb-margin-top-large:0px;--awb-spacing-right-large:3.2%;--awb-margin-bottom-large:20px;--awb-spacing-left-large:3.2%;--awb-width-medium:60%;--awb-order-medium:0;--awb-spacing-right-medium:3.2%;--awb-spacing-left-medium:3.2%;--awb-width-small:100%;--awb-order-small:0;--awb-spacing-right-small:1.92%;--awb-spacing-left-small:1.92%;\"><div class=\"fusion-column-wrapper fusion-column-has-shadow fusion-flex-justify-content-flex-start fusion-content-layout-column\"><div class=\"fusion-text fusion-text-1\" style=\"--awb-text-transform:none;\"><h2>We help you to become compliant with GDPR<\/h2>\n<p>The Data Protection Regulation (GDPR) is a European regulation that regulates how organizations can and must process personal data. The GDPR forms the basis for the protection of the privacy of persons when processing personal data within the EU, which is a fundamental human right and must therefore be protected.<\/p>\n<p>A basic principle is that personal data may only be processed in a legal, correct and transparent manner in relation to the data subject. The processing is lawful only if it is based on one of the permitted legal grounds, for example by consent of the data subject.<\/p>\n<\/div><\/div><\/div><\/div><\/div><div class=\"fusion-fullwidth fullwidth-box fusion-builder-row-2 fusion-flex-container has-pattern-background has-mask-background nonhundred-percent-fullwidth non-hundred-percent-height-scrolling\" style=\"--awb-border-radius-top-left:0px;--awb-border-radius-top-right:0px;--awb-border-radius-bottom-right:0px;--awb-border-radius-bottom-left:0px;--awb-margin-top:30px;--awb-margin-bottom:30px;--awb-flex-wrap:wrap;\" ><div class=\"fusion-builder-row fusion-row fusion-flex-align-items-center fusion-flex-content-wrap\" style=\"max-width:1248px;margin-left: calc(-4% \/ 2 );margin-right: calc(-4% \/ 2 );\"><div class=\"fusion-layout-column fusion_builder_column fusion-builder-column-1 fusion_builder_column_1_1 1_1 fusion-flex-column fusion-column-no-min-height\" style=\"--awb-bg-size:cover;--awb-width-large:100%;--awb-margin-top-large:0px;--awb-spacing-right-large:1.92%;--awb-margin-bottom-large:20px;--awb-spacing-left-large:1.92%;--awb-width-medium:100%;--awb-order-medium:0;--awb-spacing-right-medium:1.92%;--awb-spacing-left-medium:1.92%;--awb-width-small:100%;--awb-order-small:0;--awb-spacing-right-small:1.92%;--awb-spacing-left-small:1.92%;\"><div class=\"fusion-column-wrapper fusion-column-has-shadow fusion-flex-justify-content-flex-start fusion-content-layout-column\"><div class=\"fusion-image-element \" style=\"--awb-caption-title-font-family:var(--h2_typography-font-family);--awb-caption-title-font-weight:var(--h2_typography-font-weight);--awb-caption-title-font-style:var(--h2_typography-font-style);--awb-caption-title-size:var(--h2_typography-font-size);--awb-caption-title-transform:var(--h2_typography-text-transform);--awb-caption-title-line-height:var(--h2_typography-line-height);--awb-caption-title-letter-spacing:var(--h2_typography-letter-spacing);\"><span class=\" fusion-imageframe imageframe-none imageframe-1 hover-type-none\"><img width=\"1920\" height=\"632\" title=\"Julia-Karlsson-arbetar\" src=\"https:\/\/cranky-liskov-4cf418.wp.onstaatic.com\/wp-content\/uploads\/2022\/02\/Julia-Karlsson-arbetar-1.jpg\" alt class=\"img-responsive wp-image-11245\" srcset=\"https:\/\/cranky-liskov-4cf418.wp.onstaatic.com\/wp-content\/uploads\/2022\/02\/Julia-Karlsson-arbetar-1-200x66.jpg 200w, https:\/\/cranky-liskov-4cf418.wp.onstaatic.com\/wp-content\/uploads\/2022\/02\/Julia-Karlsson-arbetar-1-400x132.jpg 400w, https:\/\/cranky-liskov-4cf418.wp.onstaatic.com\/wp-content\/uploads\/2022\/02\/Julia-Karlsson-arbetar-1-600x198.jpg 600w, https:\/\/cranky-liskov-4cf418.wp.onstaatic.com\/wp-content\/uploads\/2022\/02\/Julia-Karlsson-arbetar-1-800x263.jpg 800w, https:\/\/cranky-liskov-4cf418.wp.onstaatic.com\/wp-content\/uploads\/2022\/02\/Julia-Karlsson-arbetar-1-1200x395.jpg 1200w, https:\/\/cranky-liskov-4cf418.wp.onstaatic.com\/wp-content\/uploads\/2022\/02\/Julia-Karlsson-arbetar-1.jpg 1920w\" sizes=\"(max-width: 640px) 100vw, 1200px\" \/><\/span><\/div><div class=\"fusion-separator fusion-full-width-sep\" style=\"align-self: center;margin-left: auto;margin-right: auto;margin-top:30px;width:100%;\"><\/div><\/div><\/div><div class=\"fusion-layout-column fusion_builder_column fusion-builder-column-2 fusion_builder_column_2_3 2_3 fusion-flex-column\" style=\"--awb-bg-size:cover;--awb-width-large:66.666666666667%;--awb-margin-top-large:0px;--awb-spacing-right-large:2.88%;--awb-margin-bottom-large:20px;--awb-spacing-left-large:2.88%;--awb-width-medium:66.666666666667%;--awb-order-medium:0;--awb-spacing-right-medium:2.88%;--awb-spacing-left-medium:2.88%;--awb-width-small:100%;--awb-order-small:0;--awb-spacing-right-small:1.92%;--awb-spacing-left-small:1.92%;\"><div class=\"fusion-column-wrapper fusion-column-has-shadow fusion-flex-justify-content-flex-start fusion-content-layout-column\"><div class=\"fusion-text fusion-text-2\" style=\"--awb-text-transform:none;\"><h2>Let us advise and review your data protection work<\/h2>\n<p>Data protection work is an ongoing work, and often involves dealing with tricky questions and difficult challenges, especially when it comes to changing the organization and adapting it to the law.<\/p>\n<p>In the role of external adviser, we at Secify offer a number of different solutions such as project statements, review of internal and external parties, as well as in-depth advice.<\/p>\n<p>Our advisors consist of specialized data protection lawyers, experienced information security advisors and IT security specialists, who, through a close exchange of skills and experience, strive to offer advice on everything from law to suitable IT security solutions.<\/p>\n<\/div><\/div><\/div><div class=\"fusion-layout-column fusion_builder_column fusion-builder-column-3 fusion_builder_column_1_3 1_3 fusion-flex-column cta\" style=\"--awb-bg-size:cover;--awb-width-large:33.333333333333%;--awb-margin-top-large:0px;--awb-spacing-right-large:5.76%;--awb-margin-bottom-large:20px;--awb-spacing-left-large:5.76%;--awb-width-medium:33.333333333333%;--awb-order-medium:0;--awb-spacing-right-medium:5.76%;--awb-spacing-left-medium:5.76%;--awb-width-small:100%;--awb-order-small:0;--awb-spacing-right-small:1.92%;--awb-spacing-left-small:1.92%;\"><div class=\"fusion-column-wrapper fusion-column-has-shadow fusion-flex-justify-content-flex-start fusion-content-layout-column\"><div class=\"fusion-text fusion-text-3\"><h2 style=\"text-align: center;\">Would you like to know more?<\/h2>\n<\/div><div class=\"fusion-text fusion-text-4\" style=\"--awb-text-transform:none;\"><p style=\"text-align: center;\">Contact us and we will help you get started with GDPR.<\/p>\n<\/div><div class=\"fusion-text fusion-text-5 kontaktaoss\"><p><a href=\"#kontakt\">Contact us<\/a><\/p>\n<\/div><\/div><\/div><\/div><\/div><div class=\"fusion-fullwidth fullwidth-box fusion-builder-row-3 fusion-flex-container nonhundred-percent-fullwidth non-hundred-percent-height-scrolling\" style=\"--awb-border-radius-top-left:0px;--awb-border-radius-top-right:0px;--awb-border-radius-bottom-right:0px;--awb-border-radius-bottom-left:0px;--awb-padding-top:60px;--awb-padding-bottom:60px;--awb-margin-top:30px;--awb-margin-bottom:30px;--awb-background-color:#f6f6f6;--awb-flex-wrap:wrap;\" ><div class=\"fusion-builder-row fusion-row fusion-flex-align-items-center fusion-flex-justify-content-center fusion-flex-content-wrap\" style=\"max-width:1248px;margin-left: calc(-4% \/ 2 );margin-right: calc(-4% \/ 2 );\"><div class=\"fusion-layout-column fusion_builder_column fusion-builder-column-4 fusion_builder_column_1_1 1_1 fusion-flex-column\" style=\"--awb-bg-size:cover;--awb-width-large:100%;--awb-margin-top-large:0px;--awb-spacing-right-large:1.92%;--awb-margin-bottom-large:20px;--awb-spacing-left-large:1.92%;--awb-width-medium:100%;--awb-order-medium:0;--awb-spacing-right-medium:1.92%;--awb-spacing-left-medium:1.92%;--awb-width-small:100%;--awb-order-small:0;--awb-spacing-right-small:1.92%;--awb-spacing-left-small:1.92%;\"><div class=\"fusion-column-wrapper fusion-column-has-shadow fusion-flex-justify-content-flex-start fusion-content-layout-column\"><div class=\"fusion-text fusion-text-6\"><h2>Testimonials<\/h2>\n<\/div><div class=\"fusion-testimonials clean awb-speech-bubble-show fusion-testimonials-1\" style=\"--awb-textcolor:#3f3f3f;--awb-backgroundcolor:var(--awb-color6);--awb-testimonial-border-style:solid;--awb-testimonial-border-color:var(--awb-color3);--awb-navigation-size:12px;--awb-border-top-left-radius:0px;--awb-border-top-right-radius:0px;--awb-border-bottom-left-radius:0px;--awb-border-bottom-right-radius:0px;--testimonial-border-width-top:0px;--testimonial-border-width-right:0px;--testimonial-border-width-bottom:0px;--testimonial-border-width-left:0px;\" data-random=\"0\" data-speed=\"4000\"><div class=\"reviews\"><div class=\"review active-testimonial avatar-above no-avatar\"><blockquote class=\"testimonials-shortcode-blockquote\"><div class=\"awb-quote\"><div class=\"awb-quote-content\">\n<p class=\"TextXLarge\">&#8220;In our work with GDPR, Secify has been our partner and security. Without the knowledge that Secify possesses, we as a company would not have progressed far in the implementation of GDPR&#8221;<\/p>\n<\/div><\/div><\/blockquote><div class=\"author\"><span class=\"company-name\"><strong>Klas Gr\u00e4nn\u00f6, Project leader, Holmgrens Bil AB<\/strong><\/span><\/div><\/div><div class=\"review avatar-above no-avatar\"><blockquote class=\"testimonials-shortcode-blockquote\"><div class=\"awb-quote\"><div class=\"awb-quote-content\">\n<p class=\"TextXLarge\">\u201dAs our external Data Protection Officer, Secify has helped us solve complex data protection issues. They have given advice, supported and reviewed our company&#8217;s processing of personal data in an exemplary manner. The expert competence that we get from Secify creates the conditions for continued safe data protection work in our organization.\u201d<\/p>\n<\/div><\/div><\/blockquote><div class=\"author\"><span class=\"company-name\"><strong>Robert Ekvall, IT Security &amp; Company Integration Lead<\/strong>, <a href=\"https:\/\/www.bookbeat.com\/\" target=\"_self\" rel=\"noopener\"><span>BookBeat<\/span><\/a><\/span><\/div><\/div><\/div><\/div><\/div><\/div><\/div><\/div><div class=\"fusion-fullwidth fullwidth-box fusion-builder-row-4 fusion-flex-container has-pattern-background has-mask-background nonhundred-percent-fullwidth non-hundred-percent-height-scrolling\" style=\"--awb-border-radius-top-left:0px;--awb-border-radius-top-right:0px;--awb-border-radius-bottom-right:0px;--awb-border-radius-bottom-left:0px;--awb-margin-top-small:20px;--awb-flex-wrap:wrap;\" ><div class=\"fusion-builder-row fusion-row fusion-flex-align-items-flex-start fusion-flex-content-wrap\" style=\"max-width:1248px;margin-left: calc(-4% \/ 2 );margin-right: calc(-4% \/ 2 );\"><div class=\"fusion-layout-column fusion_builder_column fusion-builder-column-5 fusion_builder_column_1_1 1_1 fusion-flex-column fusion-flex-align-self-flex-start fusion-column-no-min-height\" style=\"--awb-padding-top:30px;--awb-padding-bottom:30px;--awb-bg-size:cover;--awb-width-large:100%;--awb-margin-top-large:0px;--awb-spacing-right-large:1.92%;--awb-margin-bottom-large:20px;--awb-spacing-left-large:1.92%;--awb-width-medium:100%;--awb-order-medium:0;--awb-spacing-right-medium:1.92%;--awb-spacing-left-medium:1.92%;--awb-width-small:100%;--awb-order-small:0;--awb-spacing-right-small:1.92%;--awb-spacing-left-small:1.92%;\" data-scroll-devices=\"small-visibility,medium-visibility,large-visibility\"><div class=\"fusion-column-wrapper fusion-column-has-shadow fusion-flex-justify-content-flex-start fusion-content-layout-column\"><div class=\"LogoMarquee\">\n  <div class=\"LogoTrack\">\n    <div class=\"LogoBox\"><img class=\"LogoResp LogoDesk\" src=\"\/wp-content\/uploads\/2026\/03\/svenska-ingenjorer-logo.png\" alt=\"Sveriges Ingenj\u00f6rer\"><\/div>\n    <div class=\"LogoBox\"><img class=\"LogoResp LogoDesk\" src=\"\/wp-content\/uploads\/2022\/04\/svedbergs_logo.png\" alt=\"Svedbergs\"><\/div>\n    <div class=\"LogoBox\"><img class=\"LogoResp LogoDesk\" src=\"\/wp-content\/uploads\/2023\/05\/lansforsakringar_jonkoping_logotyp-2.png\" alt=\"L\u00e4nsf\u00f6rs\u00e4kringar J\u00f6nk\u00f6ping\"><\/div>\n    <div class=\"LogoBox\"><img class=\"LogoResp LogoDesk\" src=\"\/wp-content\/uploads\/2023\/05\/if.png\" alt=\"If\"><\/div>\n    <div class=\"LogoBox\"><img class=\"LogoResp LogoDesk\" src=\"\/wp-content\/uploads\/2022\/11\/coop-medmera.png\" alt=\"Coop MedMera\"><\/div>\n    <div class=\"LogoBox\"><img class=\"LogoResp LogoDesk\" src=\"\/wp-content\/uploads\/2023\/10\/infare.png\" alt=\"Infare\"><\/div>\n    <div class=\"LogoBox\"><img class=\"LogoResp LogoDesk\" src=\"\/wp-content\/uploads\/2023\/10\/tidsam.png\" alt=\"Tidsam\"><\/div>\n    <div class=\"LogoBox\"><img class=\"LogoResp LogoDesk\" src=\"\/wp-content\/uploads\/2019\/12\/aleris-logo.png\" alt=\"Aleris\"><\/div>\n  <\/div>\n<\/div>\n\n<script>\ndocument.addEventListener(\"DOMContentLoaded\", function () {\n  document.querySelectorAll(\".LogoTrack\").forEach(function(track) {\n    if (!track.dataset.duplicated) {\n      track.innerHTML += track.innerHTML;\n      track.dataset.duplicated = \"true\";\n    }\n  });\n});\n<\/script><\/div><\/div><\/div><\/div>\n<div class=\"fusion-fullwidth fullwidth-box fusion-builder-row-5 fusion-flex-container nonhundred-percent-fullwidth non-hundred-percent-height-scrolling\" style=\"--awb-border-radius-top-left:0px;--awb-border-radius-top-right:0px;--awb-border-radius-bottom-right:0px;--awb-border-radius-bottom-left:0px;--awb-padding-top:30px;--awb-padding-bottom:30px;--awb-margin-top:30px;--awb-margin-bottom:30px;--awb-flex-wrap:wrap;\" ><div class=\"fusion-builder-row fusion-row fusion-flex-align-items-flex-start fusion-flex-content-wrap\" style=\"max-width:1248px;margin-left: calc(-4% \/ 2 );margin-right: calc(-4% \/ 2 );\"><div class=\"fusion-layout-column fusion_builder_column fusion-builder-column-6 fusion_builder_column_1_1 1_1 fusion-flex-column\" style=\"--awb-bg-size:cover;--awb-width-large:100%;--awb-margin-top-large:0px;--awb-spacing-right-large:1.92%;--awb-margin-bottom-large:20px;--awb-spacing-left-large:1.92%;--awb-width-medium:100%;--awb-spacing-right-medium:1.92%;--awb-spacing-left-medium:1.92%;--awb-width-small:100%;--awb-spacing-right-small:1.92%;--awb-spacing-left-small:1.92%;\"><div class=\"fusion-column-wrapper fusion-column-has-shadow fusion-flex-justify-content-flex-start fusion-content-layout-column\"><div class=\"fusion-image-element \" style=\"--awb-caption-title-font-family:var(--h2_typography-font-family);--awb-caption-title-font-weight:var(--h2_typography-font-weight);--awb-caption-title-font-style:var(--h2_typography-font-style);--awb-caption-title-size:var(--h2_typography-font-size);--awb-caption-title-transform:var(--h2_typography-text-transform);--awb-caption-title-line-height:var(--h2_typography-line-height);--awb-caption-title-letter-spacing:var(--h2_typography-letter-spacing);\"><span class=\" fusion-imageframe imageframe-none imageframe-2 hover-type-none\"><img width=\"1024\" height=\"680\" title=\"secify-01\" src=\"https:\/\/cranky-liskov-4cf418.wp.onstaatic.com\/wp-content\/uploads\/2022\/02\/secify-01.jpg\" alt class=\"img-responsive wp-image-11195\" srcset=\"https:\/\/cranky-liskov-4cf418.wp.onstaatic.com\/wp-content\/uploads\/2022\/02\/secify-01-200x133.jpg 200w, https:\/\/cranky-liskov-4cf418.wp.onstaatic.com\/wp-content\/uploads\/2022\/02\/secify-01-400x266.jpg 400w, https:\/\/cranky-liskov-4cf418.wp.onstaatic.com\/wp-content\/uploads\/2022\/02\/secify-01-600x398.jpg 600w, https:\/\/cranky-liskov-4cf418.wp.onstaatic.com\/wp-content\/uploads\/2022\/02\/secify-01-800x531.jpg 800w, https:\/\/cranky-liskov-4cf418.wp.onstaatic.com\/wp-content\/uploads\/2022\/02\/secify-01.jpg 1024w\" sizes=\"(max-width: 640px) 100vw, 1024px\" \/><\/span><\/div><\/div><\/div><\/div><\/div><div class=\"fusion-fullwidth fullwidth-box fusion-builder-row-6 fusion-flex-container nonhundred-percent-fullwidth non-hundred-percent-height-scrolling\" style=\"--awb-border-radius-top-left:0px;--awb-border-radius-top-right:0px;--awb-border-radius-bottom-right:0px;--awb-border-radius-bottom-left:0px;--awb-padding-top:30px;--awb-padding-bottom:30px;--awb-flex-wrap:wrap;\" ><div class=\"fusion-builder-row fusion-row fusion-flex-align-items-flex-start fusion-flex-content-wrap\" style=\"max-width:1248px;margin-left: calc(-4% \/ 2 );margin-right: calc(-4% \/ 2 );\"><div class=\"fusion-layout-column fusion_builder_column fusion-builder-column-7 fusion_builder_column_1_2 1_2 fusion-flex-column\" style=\"--awb-bg-size:cover;--awb-width-large:50%;--awb-margin-top-large:0px;--awb-spacing-right-large:3.84%;--awb-margin-bottom-large:20px;--awb-spacing-left-large:3.84%;--awb-width-medium:50%;--awb-spacing-right-medium:3.84%;--awb-spacing-left-medium:3.84%;--awb-width-small:100%;--awb-spacing-right-small:1.92%;--awb-spacing-left-small:1.92%;\"><div class=\"fusion-column-wrapper fusion-column-has-shadow fusion-flex-justify-content-flex-start fusion-content-layout-column\"><div class=\"fusion-text fusion-text-7\" style=\"--awb-text-transform:none;\"><h2>We offer a range of different services and arrangements within the GDPR area<\/h2>\n<\/div><div class=\"fusion-text fusion-text-8\" style=\"--awb-text-transform:none;\"><p>One of our most popular and well-liked services is the DPO (data protection officer) service, also called <a href=\"https:\/\/www.secify.com\/tjanster\/dataskyddsombud\/\" target=\"_blank\" rel=\"noopener\"><strong>external data protection representative<\/strong><\/a>. Then you hire a consultant with us who works with data protection for a predetermined number of hours with you every month.<\/p>\n<\/div><\/div><\/div><\/div><\/div><div class=\"fusion-fullwidth fullwidth-box fusion-builder-row-7 fusion-flex-container nonhundred-percent-fullwidth non-hundred-percent-height-scrolling\" style=\"--awb-border-radius-top-left:0px;--awb-border-radius-top-right:0px;--awb-border-radius-bottom-right:0px;--awb-border-radius-bottom-left:0px;--awb-margin-top:30px;--awb-margin-bottom:30px;--awb-flex-wrap:wrap;\" ><div class=\"fusion-builder-row fusion-row fusion-flex-align-items-flex-start fusion-flex-content-wrap\" style=\"max-width:1248px;margin-left: calc(-4% \/ 2 );margin-right: calc(-4% \/ 2 );\"><div class=\"fusion-layout-column fusion_builder_column fusion-builder-column-8 fusion_builder_column_1_3 1_3 fusion-flex-column\" style=\"--awb-padding-top:20px;--awb-padding-right:20px;--awb-padding-bottom:20px;--awb-padding-left:20px;--awb-bg-color:#f6f6f6;--awb-bg-color-hover:#f6f6f6;--awb-bg-size:cover;--awb-width-large:33.333333333333%;--awb-margin-top-large:2%;--awb-spacing-right-large:2.88%;--awb-margin-bottom-large:2%;--awb-spacing-left-large:5.76%;--awb-width-medium:33.333333333333%;--awb-order-medium:0;--awb-spacing-right-medium:2.88%;--awb-spacing-left-medium:5.76%;--awb-width-small:100%;--awb-order-small:0;--awb-spacing-right-small:1.92%;--awb-spacing-left-small:1.92%;\"><div class=\"fusion-column-wrapper fusion-column-has-shadow fusion-flex-justify-content-flex-start fusion-content-layout-column\"><div class=\"fusion-text fusion-text-9\"><p><strong><a href=\"https:\/\/www.secify.com\/tjanster\/dataskyddsombud\/\" target=\"_blank\" rel=\"noopener\">DPO as a Service<\/a><\/strong><\/p>\n<p>Secify provides you with an independent specialist, who acts as both reviewer and advisor for your data protection work, and ensures that your business complies with the GDPR.<\/p>\n<\/div><\/div><\/div><div class=\"fusion-layout-column fusion_builder_column fusion-builder-column-9 fusion_builder_column_1_3 1_3 fusion-flex-column\" style=\"--awb-padding-top:20px;--awb-padding-right:20px;--awb-padding-bottom:20px;--awb-padding-left:20px;--awb-bg-color:#f6f6f6;--awb-bg-color-hover:#f6f6f6;--awb-bg-size:cover;--awb-width-large:33.333333333333%;--awb-margin-top-large:2%;--awb-spacing-right-large:2.88%;--awb-margin-bottom-large:2%;--awb-spacing-left-large:2.88%;--awb-width-medium:33.333333333333%;--awb-order-medium:0;--awb-spacing-right-medium:2.88%;--awb-spacing-left-medium:2.88%;--awb-width-small:100%;--awb-order-small:0;--awb-spacing-right-small:1.92%;--awb-spacing-left-small:1.92%;\"><div class=\"fusion-column-wrapper fusion-column-has-shadow fusion-flex-justify-content-flex-start fusion-content-layout-column\"><div class=\"fusion-text fusion-text-10\"><p><strong>Privacy counsel as a Service<\/strong><\/p>\n<p>Secify provides you with a data protection specialist with a pragmatic approach, as well as the tools needed to drive and support your operational work with data protection.<\/p>\n<\/div><\/div><\/div><div class=\"fusion-layout-column fusion_builder_column fusion-builder-column-10 fusion_builder_column_1_3 1_3 fusion-flex-column\" style=\"--awb-padding-top:20px;--awb-padding-right:20px;--awb-padding-bottom:20px;--awb-padding-left:20px;--awb-bg-color:#f6f6f6;--awb-bg-color-hover:#f6f6f6;--awb-bg-size:cover;--awb-width-large:33.333333333333%;--awb-margin-top-large:2%;--awb-spacing-right-large:5.76%;--awb-margin-bottom-large:2%;--awb-spacing-left-large:2.88%;--awb-width-medium:33.333333333333%;--awb-order-medium:0;--awb-spacing-right-medium:5.76%;--awb-spacing-left-medium:2.88%;--awb-width-small:100%;--awb-order-small:0;--awb-spacing-right-small:1.92%;--awb-spacing-left-small:1.92%;\"><div class=\"fusion-column-wrapper fusion-column-has-shadow fusion-flex-justify-content-flex-start fusion-content-layout-column\"><div class=\"fusion-text fusion-text-11\"><p><strong>GDPR framework<\/strong><\/p>\n<p>Secify supports and develops a business-adapted framework to establish or renew your data protection organization.<\/p>\n<\/div><\/div><\/div><div class=\"fusion-layout-column fusion_builder_column fusion-builder-column-11 fusion_builder_column_1_3 1_3 fusion-flex-column\" style=\"--awb-padding-top:20px;--awb-padding-right:20px;--awb-padding-bottom:20px;--awb-padding-left:20px;--awb-bg-color:#f6f6f6;--awb-bg-color-hover:#f6f6f6;--awb-bg-size:cover;--awb-width-large:33.333333333333%;--awb-margin-top-large:2%;--awb-spacing-right-large:5.76%;--awb-margin-bottom-large:2%;--awb-spacing-left-large:2.88%;--awb-width-medium:33.333333333333%;--awb-order-medium:0;--awb-spacing-right-medium:5.76%;--awb-spacing-left-medium:2.88%;--awb-width-small:100%;--awb-order-small:0;--awb-spacing-right-small:1.92%;--awb-spacing-left-small:1.92%;\"><div class=\"fusion-column-wrapper fusion-column-has-shadow fusion-flex-justify-content-flex-start fusion-content-layout-column\"><div class=\"fusion-text fusion-text-12\"><p><a href=\"https:\/\/cranky-liskov-4cf418.wp.onstaatic.com\/en\/gdpr-audit\/\"><strong>GDPR-audit<\/strong><\/a><\/p>\n<p>Secify analyzes your existing data protection work to check the level of compliance.<\/p>\n<\/div><\/div><\/div><div class=\"fusion-layout-column fusion_builder_column fusion-builder-column-12 fusion_builder_column_1_3 1_3 fusion-flex-column\" style=\"--awb-padding-top:20px;--awb-padding-right:20px;--awb-padding-bottom:20px;--awb-padding-left:20px;--awb-bg-color:#f6f6f6;--awb-bg-color-hover:#f6f6f6;--awb-bg-size:cover;--awb-width-large:33.333333333333%;--awb-margin-top-large:2%;--awb-spacing-right-large:5.76%;--awb-margin-bottom-large:2%;--awb-spacing-left-large:2.88%;--awb-width-medium:33.333333333333%;--awb-order-medium:0;--awb-spacing-right-medium:5.76%;--awb-spacing-left-medium:2.88%;--awb-width-small:100%;--awb-order-small:0;--awb-spacing-right-small:1.92%;--awb-spacing-left-small:1.92%;\"><div class=\"fusion-column-wrapper fusion-column-has-shadow fusion-flex-justify-content-flex-start fusion-content-layout-column\"><div class=\"fusion-text fusion-text-13\"><p>Cookie-audit<\/p>\n<p>We examine your organization&#8217;s website and ensure that the correct information about cookies is available and that cookies are handled correctly, in accordance with existing legal requirements.<\/p>\n<\/div><\/div><\/div><div class=\"fusion-layout-column fusion_builder_column fusion-builder-column-13 fusion_builder_column_1_3 1_3 fusion-flex-column\" style=\"--awb-padding-top:20px;--awb-padding-right:20px;--awb-padding-bottom:20px;--awb-padding-left:20px;--awb-bg-color:#f6f6f6;--awb-bg-color-hover:#f6f6f6;--awb-bg-size:cover;--awb-width-large:33.333333333333%;--awb-margin-top-large:2%;--awb-spacing-right-large:5.76%;--awb-margin-bottom-large:2%;--awb-spacing-left-large:2.88%;--awb-width-medium:33.333333333333%;--awb-order-medium:0;--awb-spacing-right-medium:5.76%;--awb-spacing-left-medium:2.88%;--awb-width-small:100%;--awb-order-small:0;--awb-spacing-right-small:1.92%;--awb-spacing-left-small:1.92%;\"><div class=\"fusion-column-wrapper fusion-column-has-shadow fusion-flex-justify-content-flex-start fusion-content-layout-column\"><div class=\"fusion-text fusion-text-14\"><p><strong>Supplier audit (Privacy)<\/strong><\/p>\n<p>Secify supports you in reviewing and checking existing, but also new suppliers who may process personal data for your business.<\/p>\n<\/div><\/div><\/div><div class=\"fusion-layout-column fusion_builder_column fusion-builder-column-14 fusion_builder_column_1_3 1_3 fusion-flex-column\" style=\"--awb-padding-top:20px;--awb-padding-right:20px;--awb-padding-bottom:20px;--awb-padding-left:20px;--awb-bg-color:#f6f6f6;--awb-bg-color-hover:#f6f6f6;--awb-bg-size:cover;--awb-width-large:33.333333333333%;--awb-margin-top-large:2%;--awb-spacing-right-large:5.76%;--awb-margin-bottom-large:2%;--awb-spacing-left-large:2.88%;--awb-width-medium:33.333333333333%;--awb-order-medium:0;--awb-spacing-right-medium:5.76%;--awb-spacing-left-medium:2.88%;--awb-width-small:100%;--awb-order-small:0;--awb-spacing-right-small:1.92%;--awb-spacing-left-small:1.92%;\"><div class=\"fusion-column-wrapper fusion-column-has-shadow fusion-flex-justify-content-flex-start fusion-content-layout-column\"><div class=\"fusion-text fusion-text-15\"><p><strong>Training<\/strong><\/p>\n<p>We also carry out training efforts in both basic and more advanced areas linked to data protection, as well as advice on specific issues such as; DPIA, contract review, procurement and more.<\/p>\n<\/div><\/div><\/div><\/div><\/div><div class=\"fusion-fullwidth fullwidth-box fusion-builder-row-8 fusion-flex-container nonhundred-percent-fullwidth non-hundred-percent-height-scrolling\" style=\"--awb-border-radius-top-left:0px;--awb-border-radius-top-right:0px;--awb-border-radius-bottom-right:0px;--awb-border-radius-bottom-left:0px;--awb-padding-top:60px;--awb-padding-bottom:60px;--awb-flex-wrap:wrap;\" ><div class=\"fusion-builder-row fusion-row fusion-flex-align-items-flex-start fusion-flex-content-wrap\" style=\"max-width:1248px;margin-left: calc(-4% \/ 2 );margin-right: calc(-4% \/ 2 );\"><div class=\"fusion-layout-column fusion_builder_column fusion-builder-column-15 fusion_builder_column_1_1 1_1 fusion-flex-column\" style=\"--awb-bg-size:cover;--awb-width-large:100%;--awb-margin-top-large:0px;--awb-spacing-right-large:1.92%;--awb-margin-bottom-large:20px;--awb-spacing-left-large:1.92%;--awb-width-medium:100%;--awb-order-medium:0;--awb-spacing-right-medium:1.92%;--awb-spacing-left-medium:1.92%;--awb-width-small:100%;--awb-order-small:0;--awb-spacing-right-small:1.92%;--awb-spacing-left-small:1.92%;\"><div class=\"fusion-column-wrapper fusion-column-has-shadow fusion-flex-justify-content-flex-start fusion-content-layout-column\"><div class=\"fusion-text fusion-text-16\" style=\"--awb-text-transform:none;\"><h2>FAQ<\/h2>\n<\/div><div class=\"fusion-text fusion-text-17\" style=\"--awb-text-transform:none;\"><p>Here are answers to the most common questions about GDPR. Do you have a question that is not listed? Use the contact form further down the page.<\/p>\n<\/div><style type=\"text\/css\">.fusion-faqs-wrapper #accordian-1 .fusion-panel { border-color:var(--awb-color3); }.fusion-faqs-wrapper #accordian-1 .fusion-panel:hover{ border-color: var(--awb-color3); }.fusion-accordian #accordian-1 .panel-title a .fa-fusion-box:before{ font-size: 16px;width: 16px;}.fusion-accordian #accordian-1 .panel-title a .fa-fusion-box{ color: var(--awb-color1);}.fusion-accordian  #accordian-1 .panel-title a{font-family:var(--awb-typography1-font-family);font-weight:var(--awb-typography1-font-weight);font-style:var(--awb-typography1-font-style);}.fusion-accordian  #accordian-1 .panel-title a:not(:hover){}.fusion-accordian  #accordian-1 .toggle-content{font-family:var(--awb-typography4-font-family);font-weight:var(--awb-typography4-font-weight);font-style:var(--awb-typography4-font-style);}.fusion-accordian #accordian-1 .fa-fusion-box { background-color: var(--awb-color7) !important;border-color: var(--awb-color7) !important;}.fusion-accordian #accordian-1 .panel-title a:hover,.fusion-accordian #accordian-1 .panel-title a.hover { color: var(--awb-color4);}.fusion-faq-shortcode .fusion-accordian #accordian-1 .fusion-toggle-boxed-mode:hover .panel-title a { color: var(--awb-color4);}.fusion-accordian #accordian-1 .panel-title .active .fa-fusion-box,.fusion-accordian #accordian-1 .panel-title a:hover .fa-fusion-box,.fusion-accordian #accordian-1 .panel-title a.hover .fa-fusion-box { background-color: var(--awb-color4)!important;border-color: var(--awb-color4)!important;}<\/style><div class=\"fusion-faq-shortcode\" style=\"\"><div class=\"fusion-faqs-wrapper\"><div class=\"accordian fusion-accordian\"><div class=\"panel-group \" id=\"accordian-1\"><div class=\"fusion-panel panel-default fusion-faq-post fusion-faq-post-13789 dataskyddsombud-en \"><span class=\"entry-title rich-snippet-hidden\">Does the data protection officer need to be employed within the organization?<\/span><span class=\"vcard rich-snippet-hidden\"><span class=\"fn\"><a href=\"https:\/\/cranky-liskov-4cf418.wp.onstaatic.com\/en\/author\/henrik-petterson-secify\/\" title=\"Posts by Henrik Petterson\" rel=\"author\">Henrik Petterson<\/a><\/span><\/span><span class=\"updated rich-snippet-hidden\">2022-10-27T16:50:21+02:00<\/span><div class=\"panel-heading\"><h4 id=\"faq_1-13789\" class=\"panel-title toggle\"><a data-toggle=\"collapse\" class=\"collapsed\" data-parent=\"#accordian-1\" data-target=\"#collapse-1-13789\" href=\"#collapse-1-13789\" aria-expanded=\"false\"><div class=\"fusion-toggle-icon-wrapper\"><div class=\"fusion-toggle-icon-wrapper-main\"><div class=\"fusion-toggle-icon-wrapper-sub\"><i class=\"fa-fusion-box active-icon awb-icon-minus\" aria-hidden=\"true\"><\/i><i class=\"fa-fusion-box inactive-icon awb-icon-plus\" aria-hidden=\"true\"><\/i><\/div><\/div><\/div><div class=\"fusion-toggle-heading\">Does the data protection officer need to be employed within the organization?<\/div><\/a><\/h4><\/div><div id=\"collapse-1-13789\" aria-labelledby=\"faq_1-13789\" class=\"panel-collapse collapse\"><div class=\"panel-body toggle-content post-content\"><div class=\"fusion-fullwidth fullwidth-box fusion-builder-row-8-1 fusion-flex-container nonhundred-percent-fullwidth non-hundred-percent-height-scrolling\" style=\"--awb-border-radius-top-left:0px;--awb-border-radius-top-right:0px;--awb-border-radius-bottom-right:0px;--awb-border-radius-bottom-left:0px;--awb-flex-wrap:wrap;\" ><div class=\"fusion-builder-row fusion-row fusion-flex-align-items-flex-start fusion-flex-content-wrap\" style=\"width:104% !important;max-width:104% !important;margin-left: calc(-4% \/ 2 );margin-right: calc(-4% \/ 2 );\"><div class=\"fusion-layout-column fusion_builder_column fusion-builder-column-16 fusion_builder_column_1_1 1_1 fusion-flex-column\" style=\"--awb-bg-size:cover;--awb-width-large:100%;--awb-flex-grow:0;--awb-flex-shrink:0;--awb-margin-top-large:0px;--awb-spacing-right-large:1.92%;--awb-margin-bottom-large:0px;--awb-spacing-left-large:1.92%;--awb-width-medium:100%;--awb-flex-grow-medium:0;--awb-flex-shrink-medium:0;--awb-spacing-right-medium:1.92%;--awb-spacing-left-medium:1.92%;--awb-width-small:100%;--awb-flex-grow-small:0;--awb-flex-shrink-small:0;--awb-spacing-right-small:1.92%;--awb-spacing-left-small:1.92%;\"><div class=\"fusion-column-wrapper fusion-flex-justify-content-flex-start fusion-content-layout-column\"><div class=\"fusion-text fusion-text-18\"><p>No, not necessarily. A data protection officer can be an employee, but the function can also be filled by an external party, such as a consultant.<\/p>\n<\/div><\/div><\/div><\/div><\/div>\n<\/div><\/div><\/div><div class=\"fusion-panel panel-default fusion-faq-post fusion-faq-post-13788 dataskyddsombud-en \"><span class=\"entry-title rich-snippet-hidden\">Does the data protection officer have to be a lawyer?<\/span><span class=\"vcard rich-snippet-hidden\"><span class=\"fn\"><a href=\"https:\/\/cranky-liskov-4cf418.wp.onstaatic.com\/en\/author\/henrik-petterson-secify\/\" title=\"Posts by Henrik Petterson\" rel=\"author\">Henrik Petterson<\/a><\/span><\/span><span class=\"updated rich-snippet-hidden\">2022-10-27T16:49:47+02:00<\/span><div class=\"panel-heading\"><h4 id=\"faq_1-13788\" class=\"panel-title toggle\"><a data-toggle=\"collapse\" class=\"collapsed\" data-parent=\"#accordian-1\" data-target=\"#collapse-1-13788\" href=\"#collapse-1-13788\" aria-expanded=\"false\"><div class=\"fusion-toggle-icon-wrapper\"><div class=\"fusion-toggle-icon-wrapper-main\"><div class=\"fusion-toggle-icon-wrapper-sub\"><i class=\"fa-fusion-box active-icon awb-icon-minus\" aria-hidden=\"true\"><\/i><i class=\"fa-fusion-box inactive-icon awb-icon-plus\" aria-hidden=\"true\"><\/i><\/div><\/div><\/div><div class=\"fusion-toggle-heading\">Does the data protection officer have to be a lawyer?<\/div><\/a><\/h4><\/div><div id=\"collapse-1-13788\" aria-labelledby=\"faq_1-13788\" class=\"panel-collapse collapse\"><div class=\"panel-body toggle-content post-content\"><div class=\"fusion-fullwidth fullwidth-box fusion-builder-row-8-2 fusion-flex-container nonhundred-percent-fullwidth non-hundred-percent-height-scrolling\" style=\"--awb-border-radius-top-left:0px;--awb-border-radius-top-right:0px;--awb-border-radius-bottom-right:0px;--awb-border-radius-bottom-left:0px;--awb-flex-wrap:wrap;\" ><div class=\"fusion-builder-row fusion-row fusion-flex-align-items-flex-start fusion-flex-content-wrap\" style=\"width:104% !important;max-width:104% !important;margin-left: calc(-4% \/ 2 );margin-right: calc(-4% \/ 2 );\"><div class=\"fusion-layout-column fusion_builder_column fusion-builder-column-17 fusion_builder_column_1_1 1_1 fusion-flex-column\" style=\"--awb-bg-size:cover;--awb-width-large:100%;--awb-flex-grow:0;--awb-flex-shrink:0;--awb-margin-top-large:0px;--awb-spacing-right-large:1.92%;--awb-margin-bottom-large:0px;--awb-spacing-left-large:1.92%;--awb-width-medium:100%;--awb-flex-grow-medium:0;--awb-flex-shrink-medium:0;--awb-spacing-right-medium:1.92%;--awb-spacing-left-medium:1.92%;--awb-width-small:100%;--awb-flex-grow-small:0;--awb-flex-shrink-small:0;--awb-spacing-right-small:1.92%;--awb-spacing-left-small:1.92%;\"><div class=\"fusion-column-wrapper fusion-flex-justify-content-flex-start fusion-content-layout-column\"><div class=\"fusion-text fusion-text-19\"><p>No, there are no explicit requirements that the data protection officer must have a law degree. However, the data protection officer must have; good knowledge of data protection, good expertise and the business and sufficient resources for their mission.<\/p>\n<\/div><\/div><\/div><\/div><\/div>\n<\/div><\/div><\/div><div class=\"fusion-panel panel-default fusion-faq-post fusion-faq-post-13787 dataskyddsombud-en \"><span class=\"entry-title rich-snippet-hidden\">Can the data protection officer have multiple roles within the organization?<\/span><span class=\"vcard rich-snippet-hidden\"><span class=\"fn\"><a href=\"https:\/\/cranky-liskov-4cf418.wp.onstaatic.com\/en\/author\/henrik-petterson-secify\/\" title=\"Posts by Henrik Petterson\" rel=\"author\">Henrik Petterson<\/a><\/span><\/span><span class=\"updated rich-snippet-hidden\">2022-10-27T16:49:12+02:00<\/span><div class=\"panel-heading\"><h4 id=\"faq_1-13787\" class=\"panel-title toggle\"><a data-toggle=\"collapse\" class=\"collapsed\" data-parent=\"#accordian-1\" data-target=\"#collapse-1-13787\" href=\"#collapse-1-13787\" aria-expanded=\"false\"><div class=\"fusion-toggle-icon-wrapper\"><div class=\"fusion-toggle-icon-wrapper-main\"><div class=\"fusion-toggle-icon-wrapper-sub\"><i class=\"fa-fusion-box active-icon awb-icon-minus\" aria-hidden=\"true\"><\/i><i class=\"fa-fusion-box inactive-icon awb-icon-plus\" aria-hidden=\"true\"><\/i><\/div><\/div><\/div><div class=\"fusion-toggle-heading\">Can the data protection officer have multiple roles within the organization?<\/div><\/a><\/h4><\/div><div id=\"collapse-1-13787\" aria-labelledby=\"faq_1-13787\" class=\"panel-collapse collapse\"><div class=\"panel-body toggle-content post-content\"><div class=\"fusion-fullwidth fullwidth-box fusion-builder-row-8-3 fusion-flex-container nonhundred-percent-fullwidth non-hundred-percent-height-scrolling\" style=\"--awb-border-radius-top-left:0px;--awb-border-radius-top-right:0px;--awb-border-radius-bottom-right:0px;--awb-border-radius-bottom-left:0px;--awb-flex-wrap:wrap;\" ><div class=\"fusion-builder-row fusion-row fusion-flex-align-items-flex-start fusion-flex-content-wrap\" style=\"width:104% !important;max-width:104% !important;margin-left: calc(-4% \/ 2 );margin-right: calc(-4% \/ 2 );\"><div class=\"fusion-layout-column fusion_builder_column fusion-builder-column-18 fusion_builder_column_1_1 1_1 fusion-flex-column\" style=\"--awb-bg-size:cover;--awb-width-large:100%;--awb-flex-grow:0;--awb-flex-shrink:0;--awb-margin-top-large:0px;--awb-spacing-right-large:1.92%;--awb-margin-bottom-large:0px;--awb-spacing-left-large:1.92%;--awb-width-medium:100%;--awb-flex-grow-medium:0;--awb-flex-shrink-medium:0;--awb-spacing-right-medium:1.92%;--awb-spacing-left-medium:1.92%;--awb-width-small:100%;--awb-flex-grow-small:0;--awb-flex-shrink-small:0;--awb-spacing-right-small:1.92%;--awb-spacing-left-small:1.92%;\"><div class=\"fusion-column-wrapper fusion-flex-justify-content-flex-start fusion-content-layout-column\"><div class=\"fusion-text fusion-text-20\"><p>Yes in theory, but the Data Protection Officer must be able to work independently and independently, without being influenced by others within the organization. It is therefore important that the data protection officer does not have other tasks that may conflict with the role of data protection officer.<\/p>\n<\/div><\/div><\/div><\/div><\/div>\n<\/div><\/div><\/div><div class=\"fusion-panel panel-default fusion-faq-post fusion-faq-post-13786 dataskyddsombud-en \"><span class=\"entry-title rich-snippet-hidden\">Is it possible to have a common data protection officer for several companies?<\/span><span class=\"vcard rich-snippet-hidden\"><span class=\"fn\"><a href=\"https:\/\/cranky-liskov-4cf418.wp.onstaatic.com\/en\/author\/henrik-petterson-secify\/\" title=\"Posts by Henrik Petterson\" rel=\"author\">Henrik Petterson<\/a><\/span><\/span><span class=\"updated rich-snippet-hidden\">2022-10-27T16:48:10+02:00<\/span><div class=\"panel-heading\"><h4 id=\"faq_1-13786\" class=\"panel-title toggle\"><a data-toggle=\"collapse\" class=\"collapsed\" data-parent=\"#accordian-1\" data-target=\"#collapse-1-13786\" href=\"#collapse-1-13786\" aria-expanded=\"false\"><div class=\"fusion-toggle-icon-wrapper\"><div class=\"fusion-toggle-icon-wrapper-main\"><div class=\"fusion-toggle-icon-wrapper-sub\"><i class=\"fa-fusion-box active-icon awb-icon-minus\" aria-hidden=\"true\"><\/i><i class=\"fa-fusion-box inactive-icon awb-icon-plus\" aria-hidden=\"true\"><\/i><\/div><\/div><\/div><div class=\"fusion-toggle-heading\">Is it possible to have a common data protection officer for several companies?<\/div><\/a><\/h4><\/div><div id=\"collapse-1-13786\" aria-labelledby=\"faq_1-13786\" class=\"panel-collapse collapse\"><div class=\"panel-body toggle-content post-content\"><div class=\"fusion-fullwidth fullwidth-box fusion-builder-row-8-4 fusion-flex-container nonhundred-percent-fullwidth non-hundred-percent-height-scrolling\" style=\"--awb-border-radius-top-left:0px;--awb-border-radius-top-right:0px;--awb-border-radius-bottom-right:0px;--awb-border-radius-bottom-left:0px;--awb-flex-wrap:wrap;\" ><div class=\"fusion-builder-row fusion-row fusion-flex-align-items-flex-start fusion-flex-content-wrap\" style=\"width:104% !important;max-width:104% !important;margin-left: calc(-4% \/ 2 );margin-right: calc(-4% \/ 2 );\"><div class=\"fusion-layout-column fusion_builder_column fusion-builder-column-19 fusion_builder_column_1_1 1_1 fusion-flex-column\" style=\"--awb-bg-size:cover;--awb-width-large:100%;--awb-flex-grow:0;--awb-flex-shrink:0;--awb-margin-top-large:0px;--awb-spacing-right-large:1.92%;--awb-margin-bottom-large:0px;--awb-spacing-left-large:1.92%;--awb-width-medium:100%;--awb-flex-grow-medium:0;--awb-flex-shrink-medium:0;--awb-spacing-right-medium:1.92%;--awb-spacing-left-medium:1.92%;--awb-width-small:100%;--awb-flex-grow-small:0;--awb-flex-shrink-small:0;--awb-spacing-right-small:1.92%;--awb-spacing-left-small:1.92%;\"><div class=\"fusion-column-wrapper fusion-flex-justify-content-flex-start fusion-content-layout-column\"><div class=\"fusion-text fusion-text-21\"><p>It is possible within groups and also for independent companies. What is required is that the data protection officer must be able to put in the resources required to reach what is prescribed in the GDPR&#8217;s articles. this also applies to public organisations<\/p>\n<\/div><\/div><\/div><\/div><\/div>\n<\/div><\/div><\/div><div class=\"fusion-panel panel-default fusion-faq-post fusion-faq-post-13785 dataskyddsombud-en \"><span class=\"entry-title rich-snippet-hidden\">What are the duties of a data protection officer?<\/span><span class=\"vcard rich-snippet-hidden\"><span class=\"fn\"><a href=\"https:\/\/cranky-liskov-4cf418.wp.onstaatic.com\/en\/author\/henrik-petterson-secify\/\" title=\"Posts by Henrik Petterson\" rel=\"author\">Henrik Petterson<\/a><\/span><\/span><span class=\"updated rich-snippet-hidden\">2022-10-27T16:47:24+02:00<\/span><div class=\"panel-heading\"><h4 id=\"faq_1-13785\" class=\"panel-title toggle\"><a data-toggle=\"collapse\" class=\"collapsed\" data-parent=\"#accordian-1\" data-target=\"#collapse-1-13785\" href=\"#collapse-1-13785\" aria-expanded=\"false\"><div class=\"fusion-toggle-icon-wrapper\"><div class=\"fusion-toggle-icon-wrapper-main\"><div class=\"fusion-toggle-icon-wrapper-sub\"><i class=\"fa-fusion-box active-icon awb-icon-minus\" aria-hidden=\"true\"><\/i><i class=\"fa-fusion-box inactive-icon awb-icon-plus\" aria-hidden=\"true\"><\/i><\/div><\/div><\/div><div class=\"fusion-toggle-heading\">What are the duties of a data protection officer?<\/div><\/a><\/h4><\/div><div id=\"collapse-1-13785\" aria-labelledby=\"faq_1-13785\" class=\"panel-collapse collapse\"><div class=\"panel-body toggle-content post-content\"><div class=\"fusion-fullwidth fullwidth-box fusion-builder-row-8-5 fusion-flex-container nonhundred-percent-fullwidth non-hundred-percent-height-scrolling\" style=\"--awb-border-radius-top-left:0px;--awb-border-radius-top-right:0px;--awb-border-radius-bottom-right:0px;--awb-border-radius-bottom-left:0px;--awb-flex-wrap:wrap;\" ><div class=\"fusion-builder-row fusion-row fusion-flex-align-items-flex-start fusion-flex-content-wrap\" style=\"width:104% !important;max-width:104% !important;margin-left: calc(-4% \/ 2 );margin-right: calc(-4% \/ 2 );\"><div class=\"fusion-layout-column fusion_builder_column fusion-builder-column-20 fusion_builder_column_1_1 1_1 fusion-flex-column\" style=\"--awb-bg-size:cover;--awb-width-large:100%;--awb-flex-grow:0;--awb-flex-shrink:0;--awb-margin-top-large:0px;--awb-spacing-right-large:1.92%;--awb-margin-bottom-large:0px;--awb-spacing-left-large:1.92%;--awb-width-medium:100%;--awb-flex-grow-medium:0;--awb-flex-shrink-medium:0;--awb-spacing-right-medium:1.92%;--awb-spacing-left-medium:1.92%;--awb-width-small:100%;--awb-flex-grow-small:0;--awb-flex-shrink-small:0;--awb-spacing-right-small:1.92%;--awb-spacing-left-small:1.92%;\"><div class=\"fusion-column-wrapper fusion-flex-justify-content-flex-start fusion-content-layout-column\"><div class=\"fusion-text fusion-text-22\"><p>The data protection officer must:<\/p>\n<ul>\n<li>Advise on impact assessments<\/li>\n<li>Be the contact person for the countrys authority for Privacy Protection<\/li>\n<li>Be the contact person for the registered and the staff within the organization<\/li>\n<li>Cooperate with the authority for Privacy Protection, for example during inspections.<\/li>\n<\/ul>\n<\/div><\/div><\/div><\/div><\/div>\n<\/div><\/div><\/div><div class=\"fusion-panel panel-default fusion-faq-post fusion-faq-post-13783 dataskyddsombud-en \"><span class=\"entry-title rich-snippet-hidden\">What are the responsibilities of a data protection officer?<\/span><span class=\"vcard rich-snippet-hidden\"><span class=\"fn\"><a href=\"https:\/\/cranky-liskov-4cf418.wp.onstaatic.com\/en\/author\/henrik-petterson-secify\/\" title=\"Posts by Henrik Petterson\" rel=\"author\">Henrik Petterson<\/a><\/span><\/span><span class=\"updated rich-snippet-hidden\">2022-10-27T16:44:58+02:00<\/span><div class=\"panel-heading\"><h4 id=\"faq_1-13783\" class=\"panel-title toggle\"><a data-toggle=\"collapse\" class=\"collapsed\" data-parent=\"#accordian-1\" data-target=\"#collapse-1-13783\" href=\"#collapse-1-13783\" aria-expanded=\"false\"><div class=\"fusion-toggle-icon-wrapper\"><div class=\"fusion-toggle-icon-wrapper-main\"><div class=\"fusion-toggle-icon-wrapper-sub\"><i class=\"fa-fusion-box active-icon awb-icon-minus\" aria-hidden=\"true\"><\/i><i class=\"fa-fusion-box inactive-icon awb-icon-plus\" aria-hidden=\"true\"><\/i><\/div><\/div><\/div><div class=\"fusion-toggle-heading\">What are the responsibilities of a data protection officer?<\/div><\/a><\/h4><\/div><div id=\"collapse-1-13783\" aria-labelledby=\"faq_1-13783\" class=\"panel-collapse collapse\"><div class=\"panel-body toggle-content post-content\"><div class=\"fusion-fullwidth fullwidth-box fusion-builder-row-8-6 fusion-flex-container nonhundred-percent-fullwidth non-hundred-percent-height-scrolling\" style=\"--awb-border-radius-top-left:0px;--awb-border-radius-top-right:0px;--awb-border-radius-bottom-right:0px;--awb-border-radius-bottom-left:0px;--awb-flex-wrap:wrap;\" ><div class=\"fusion-builder-row fusion-row fusion-flex-align-items-flex-start fusion-flex-content-wrap\" style=\"width:104% !important;max-width:104% !important;margin-left: calc(-4% \/ 2 );margin-right: calc(-4% \/ 2 );\"><div class=\"fusion-layout-column fusion_builder_column fusion-builder-column-21 fusion_builder_column_1_1 1_1 fusion-flex-column\" style=\"--awb-bg-size:cover;--awb-width-large:100%;--awb-flex-grow:0;--awb-flex-shrink:0;--awb-margin-top-large:0px;--awb-spacing-right-large:1.92%;--awb-margin-bottom-large:0px;--awb-spacing-left-large:1.92%;--awb-width-medium:100%;--awb-flex-grow-medium:0;--awb-flex-shrink-medium:0;--awb-spacing-right-medium:1.92%;--awb-spacing-left-medium:1.92%;--awb-width-small:100%;--awb-flex-grow-small:0;--awb-flex-shrink-small:0;--awb-spacing-right-small:1.92%;--awb-spacing-left-small:1.92%;\"><div class=\"fusion-column-wrapper fusion-flex-justify-content-flex-start fusion-content-layout-column\"><div class=\"fusion-text fusion-text-23\"><p>The data protection officer has no personal responsibility for the organization&#8217;s compliance with the data protection regulation. That responsibility always rests with the person in charge of personal data or with the personal data assistant. The data controller may also not punish the data protection officer for having performed his duties.<\/p>\n<\/div><\/div><\/div><\/div><\/div>\n<\/div><\/div><\/div><div class=\"fusion-panel panel-default fusion-faq-post fusion-faq-post-13784 dataskyddsombud-en \"><span class=\"entry-title rich-snippet-hidden\">What is the difference between a DPO and a DOM?<\/span><span class=\"vcard rich-snippet-hidden\"><span class=\"fn\"><a href=\"https:\/\/cranky-liskov-4cf418.wp.onstaatic.com\/en\/author\/henrik-petterson-secify\/\" title=\"Posts by Henrik Petterson\" rel=\"author\">Henrik Petterson<\/a><\/span><\/span><span class=\"updated rich-snippet-hidden\">2022-10-27T16:44:28+02:00<\/span><div class=\"panel-heading\"><h4 id=\"faq_1-13784\" class=\"panel-title toggle\"><a data-toggle=\"collapse\" class=\"collapsed\" data-parent=\"#accordian-1\" data-target=\"#collapse-1-13784\" href=\"#collapse-1-13784\" aria-expanded=\"false\"><div class=\"fusion-toggle-icon-wrapper\"><div class=\"fusion-toggle-icon-wrapper-main\"><div class=\"fusion-toggle-icon-wrapper-sub\"><i class=\"fa-fusion-box active-icon awb-icon-minus\" aria-hidden=\"true\"><\/i><i class=\"fa-fusion-box inactive-icon awb-icon-plus\" aria-hidden=\"true\"><\/i><\/div><\/div><\/div><div class=\"fusion-toggle-heading\">What is the difference between a DPO and a DOM?<\/div><\/a><\/h4><\/div><div id=\"collapse-1-13784\" aria-labelledby=\"faq_1-13784\" class=\"panel-collapse collapse\"><div class=\"panel-body toggle-content post-content\"><div class=\"fusion-fullwidth fullwidth-box fusion-builder-row-8-7 fusion-flex-container nonhundred-percent-fullwidth non-hundred-percent-height-scrolling\" style=\"--awb-border-radius-top-left:0px;--awb-border-radius-top-right:0px;--awb-border-radius-bottom-right:0px;--awb-border-radius-bottom-left:0px;--awb-flex-wrap:wrap;\" ><div class=\"fusion-builder-row fusion-row fusion-flex-align-items-flex-start fusion-flex-content-wrap\" style=\"width:104% !important;max-width:104% !important;margin-left: calc(-4% \/ 2 );margin-right: calc(-4% \/ 2 );\"><div class=\"fusion-layout-column fusion_builder_column fusion-builder-column-22 fusion_builder_column_1_1 1_1 fusion-flex-column\" style=\"--awb-bg-size:cover;--awb-width-large:100%;--awb-flex-grow:0;--awb-flex-shrink:0;--awb-margin-top-large:0px;--awb-spacing-right-large:1.92%;--awb-margin-bottom-large:0px;--awb-spacing-left-large:1.92%;--awb-width-medium:100%;--awb-flex-grow-medium:0;--awb-flex-shrink-medium:0;--awb-spacing-right-medium:1.92%;--awb-spacing-left-medium:1.92%;--awb-width-small:100%;--awb-flex-grow-small:0;--awb-flex-shrink-small:0;--awb-spacing-right-small:1.92%;--awb-spacing-left-small:1.92%;\"><div class=\"fusion-column-wrapper fusion-flex-justify-content-flex-start fusion-content-layout-column\"><div class=\"fusion-text fusion-text-24\"><p>Unlike a DPO, the DOM has a more operational role.<\/p>\n<\/div><\/div><\/div><\/div><\/div>\n<\/div><\/div><\/div><div class=\"fusion-panel panel-default fusion-faq-post fusion-faq-post-13782 dataskyddsombud-en \"><span class=\"entry-title rich-snippet-hidden\">What are the advantages of an external data protection officer?<\/span><span class=\"vcard rich-snippet-hidden\"><span class=\"fn\"><a href=\"https:\/\/cranky-liskov-4cf418.wp.onstaatic.com\/en\/author\/henrik-petterson-secify\/\" title=\"Posts by Henrik Petterson\" rel=\"author\">Henrik Petterson<\/a><\/span><\/span><span class=\"updated rich-snippet-hidden\">2022-10-27T16:43:42+02:00<\/span><div class=\"panel-heading\"><h4 id=\"faq_1-13782\" class=\"panel-title toggle\"><a data-toggle=\"collapse\" class=\"collapsed\" data-parent=\"#accordian-1\" data-target=\"#collapse-1-13782\" href=\"#collapse-1-13782\" aria-expanded=\"false\"><div class=\"fusion-toggle-icon-wrapper\"><div class=\"fusion-toggle-icon-wrapper-main\"><div class=\"fusion-toggle-icon-wrapper-sub\"><i class=\"fa-fusion-box active-icon awb-icon-minus\" aria-hidden=\"true\"><\/i><i class=\"fa-fusion-box inactive-icon awb-icon-plus\" aria-hidden=\"true\"><\/i><\/div><\/div><\/div><div class=\"fusion-toggle-heading\">What are the advantages of an external data protection officer?<\/div><\/a><\/h4><\/div><div id=\"collapse-1-13782\" aria-labelledby=\"faq_1-13782\" class=\"panel-collapse collapse\"><div class=\"panel-body toggle-content post-content\"><div class=\"fusion-fullwidth fullwidth-box fusion-builder-row-8-8 fusion-flex-container nonhundred-percent-fullwidth non-hundred-percent-height-scrolling\" style=\"--awb-border-radius-top-left:0px;--awb-border-radius-top-right:0px;--awb-border-radius-bottom-right:0px;--awb-border-radius-bottom-left:0px;--awb-flex-wrap:wrap;\" ><div class=\"fusion-builder-row fusion-row fusion-flex-align-items-flex-start fusion-flex-content-wrap\" style=\"width:104% !important;max-width:104% !important;margin-left: calc(-4% \/ 2 );margin-right: calc(-4% \/ 2 );\"><div class=\"fusion-layout-column fusion_builder_column fusion-builder-column-23 fusion_builder_column_1_1 1_1 fusion-flex-column\" style=\"--awb-bg-size:cover;--awb-width-large:100%;--awb-flex-grow:0;--awb-flex-shrink:0;--awb-margin-top-large:0px;--awb-spacing-right-large:1.92%;--awb-margin-bottom-large:0px;--awb-spacing-left-large:1.92%;--awb-width-medium:100%;--awb-flex-grow-medium:0;--awb-flex-shrink-medium:0;--awb-spacing-right-medium:1.92%;--awb-spacing-left-medium:1.92%;--awb-width-small:100%;--awb-flex-grow-small:0;--awb-flex-shrink-small:0;--awb-spacing-right-small:1.92%;--awb-spacing-left-small:1.92%;\"><div class=\"fusion-column-wrapper fusion-flex-justify-content-flex-start fusion-content-layout-column\"><div class=\"fusion-text fusion-text-25\"><p>The external representative&#8217;s advantages are that the person usually brings skills from several organizations and knowledge of current practices. An external representative is also not bound by any place in the organizational hierarchy and does not risk being limited in practice because of this.<\/p>\n<\/div><\/div><\/div><\/div><\/div>\n<\/div><\/div><\/div><div class=\"fusion-panel panel-default fusion-faq-post fusion-faq-post-13781 dataskyddsombud-en \"><span class=\"entry-title rich-snippet-hidden\">Can our CEO, CISO, CIO or similar be a data protection officer for our company?<\/span><span class=\"vcard rich-snippet-hidden\"><span class=\"fn\"><a href=\"https:\/\/cranky-liskov-4cf418.wp.onstaatic.com\/en\/author\/henrik-petterson-secify\/\" title=\"Posts by Henrik Petterson\" rel=\"author\">Henrik Petterson<\/a><\/span><\/span><span class=\"updated rich-snippet-hidden\">2022-10-27T16:42:45+02:00<\/span><div class=\"panel-heading\"><h4 id=\"faq_1-13781\" class=\"panel-title toggle\"><a data-toggle=\"collapse\" class=\"collapsed\" data-parent=\"#accordian-1\" data-target=\"#collapse-1-13781\" href=\"#collapse-1-13781\" aria-expanded=\"false\"><div class=\"fusion-toggle-icon-wrapper\"><div class=\"fusion-toggle-icon-wrapper-main\"><div class=\"fusion-toggle-icon-wrapper-sub\"><i class=\"fa-fusion-box active-icon awb-icon-minus\" aria-hidden=\"true\"><\/i><i class=\"fa-fusion-box inactive-icon awb-icon-plus\" aria-hidden=\"true\"><\/i><\/div><\/div><\/div><div class=\"fusion-toggle-heading\">Can our CEO, CISO, CIO or similar be a data protection officer for our company?<\/div><\/a><\/h4><\/div><div id=\"collapse-1-13781\" aria-labelledby=\"faq_1-13781\" class=\"panel-collapse collapse\"><div class=\"panel-body toggle-content post-content\"><div class=\"fusion-fullwidth fullwidth-box fusion-builder-row-8-9 fusion-flex-container nonhundred-percent-fullwidth non-hundred-percent-height-scrolling\" style=\"--awb-border-radius-top-left:0px;--awb-border-radius-top-right:0px;--awb-border-radius-bottom-right:0px;--awb-border-radius-bottom-left:0px;--awb-flex-wrap:wrap;\" ><div class=\"fusion-builder-row fusion-row fusion-flex-align-items-flex-start fusion-flex-content-wrap\" style=\"width:104% !important;max-width:104% !important;margin-left: calc(-4% \/ 2 );margin-right: calc(-4% \/ 2 );\"><div class=\"fusion-layout-column fusion_builder_column fusion-builder-column-24 fusion_builder_column_1_1 1_1 fusion-flex-column\" style=\"--awb-bg-size:cover;--awb-width-large:100%;--awb-flex-grow:0;--awb-flex-shrink:0;--awb-margin-top-large:0px;--awb-spacing-right-large:1.92%;--awb-margin-bottom-large:0px;--awb-spacing-left-large:1.92%;--awb-width-medium:100%;--awb-flex-grow-medium:0;--awb-flex-shrink-medium:0;--awb-spacing-right-medium:1.92%;--awb-spacing-left-medium:1.92%;--awb-width-small:100%;--awb-flex-grow-small:0;--awb-flex-shrink-small:0;--awb-spacing-right-small:1.92%;--awb-spacing-left-small:1.92%;\"><div class=\"fusion-column-wrapper fusion-flex-justify-content-flex-start fusion-content-layout-column\"><div class=\"fusion-text fusion-text-26\"><p>No, it is important that the data protection officer is objective in his task. For example, it is not appropriate for the data protection officer to sit in the organization&#8217;s management or to be involved in making strategic decisions about the core business that includes personal data processing.<\/p>\n<\/div><\/div><\/div><\/div><\/div>\n<\/div><\/div><\/div><div class=\"fusion-panel panel-default fusion-faq-post fusion-faq-post-13780 dataskyddsombud-en \"><span class=\"entry-title rich-snippet-hidden\">Can a group of individuals act as data protection officers?<\/span><span class=\"vcard rich-snippet-hidden\"><span class=\"fn\"><a href=\"https:\/\/cranky-liskov-4cf418.wp.onstaatic.com\/en\/author\/henrik-petterson-secify\/\" title=\"Posts by Henrik Petterson\" rel=\"author\">Henrik Petterson<\/a><\/span><\/span><span class=\"updated rich-snippet-hidden\">2022-10-27T16:41:40+02:00<\/span><div class=\"panel-heading\"><h4 id=\"faq_1-13780\" class=\"panel-title toggle\"><a data-toggle=\"collapse\" class=\"collapsed\" data-parent=\"#accordian-1\" data-target=\"#collapse-1-13780\" href=\"#collapse-1-13780\" aria-expanded=\"false\"><div class=\"fusion-toggle-icon-wrapper\"><div class=\"fusion-toggle-icon-wrapper-main\"><div class=\"fusion-toggle-icon-wrapper-sub\"><i class=\"fa-fusion-box active-icon awb-icon-minus\" aria-hidden=\"true\"><\/i><i class=\"fa-fusion-box inactive-icon awb-icon-plus\" aria-hidden=\"true\"><\/i><\/div><\/div><\/div><div class=\"fusion-toggle-heading\">Can a group of individuals act as data protection officers?<\/div><\/a><\/h4><\/div><div id=\"collapse-1-13780\" aria-labelledby=\"faq_1-13780\" class=\"panel-collapse collapse\"><div class=\"panel-body toggle-content post-content\"><div class=\"fusion-fullwidth fullwidth-box fusion-builder-row-8-10 fusion-flex-container nonhundred-percent-fullwidth non-hundred-percent-height-scrolling\" style=\"--awb-border-radius-top-left:0px;--awb-border-radius-top-right:0px;--awb-border-radius-bottom-right:0px;--awb-border-radius-bottom-left:0px;--awb-flex-wrap:wrap;\" ><div class=\"fusion-builder-row fusion-row fusion-flex-align-items-flex-start fusion-flex-content-wrap\" style=\"width:104% !important;max-width:104% !important;margin-left: calc(-4% \/ 2 );margin-right: calc(-4% \/ 2 );\"><div class=\"fusion-layout-column fusion_builder_column fusion-builder-column-25 fusion_builder_column_1_1 1_1 fusion-flex-column\" style=\"--awb-bg-size:cover;--awb-width-large:100%;--awb-flex-grow:0;--awb-flex-shrink:0;--awb-margin-top-large:0px;--awb-spacing-right-large:1.92%;--awb-margin-bottom-large:0px;--awb-spacing-left-large:1.92%;--awb-width-medium:100%;--awb-flex-grow-medium:0;--awb-flex-shrink-medium:0;--awb-spacing-right-medium:1.92%;--awb-spacing-left-medium:1.92%;--awb-width-small:100%;--awb-flex-grow-small:0;--awb-flex-shrink-small:0;--awb-spacing-right-small:1.92%;--awb-spacing-left-small:1.92%;\"><div class=\"fusion-column-wrapper fusion-flex-justify-content-flex-start fusion-content-layout-column\"><div class=\"fusion-text fusion-text-27\"><p>Yes, a group can act as a data protection officer, but an appointed contact person is always required.<\/p>\n<\/div><\/div><\/div><\/div><\/div>\n<\/div><\/div><\/div><div class=\"fusion-panel panel-default fusion-faq-post fusion-faq-post-13779 dataskyddsombud-en \"><span class=\"entry-title rich-snippet-hidden\">Which authority must the data protection officer register with?<\/span><span class=\"vcard rich-snippet-hidden\"><span class=\"fn\"><a href=\"https:\/\/cranky-liskov-4cf418.wp.onstaatic.com\/en\/author\/henrik-petterson-secify\/\" title=\"Posts by Henrik Petterson\" rel=\"author\">Henrik Petterson<\/a><\/span><\/span><span class=\"updated rich-snippet-hidden\">2022-10-27T16:41:03+02:00<\/span><div class=\"panel-heading\"><h4 id=\"faq_1-13779\" class=\"panel-title toggle\"><a data-toggle=\"collapse\" class=\"collapsed\" data-parent=\"#accordian-1\" data-target=\"#collapse-1-13779\" href=\"#collapse-1-13779\" aria-expanded=\"false\"><div class=\"fusion-toggle-icon-wrapper\"><div class=\"fusion-toggle-icon-wrapper-main\"><div class=\"fusion-toggle-icon-wrapper-sub\"><i class=\"fa-fusion-box active-icon awb-icon-minus\" aria-hidden=\"true\"><\/i><i class=\"fa-fusion-box inactive-icon awb-icon-plus\" aria-hidden=\"true\"><\/i><\/div><\/div><\/div><div class=\"fusion-toggle-heading\">Which authority must the data protection officer register with?<\/div><\/a><\/h4><\/div><div id=\"collapse-1-13779\" aria-labelledby=\"faq_1-13779\" class=\"panel-collapse collapse\"><div class=\"panel-body toggle-content post-content\"><div class=\"fusion-fullwidth fullwidth-box fusion-builder-row-8-11 fusion-flex-container nonhundred-percent-fullwidth non-hundred-percent-height-scrolling\" style=\"--awb-border-radius-top-left:0px;--awb-border-radius-top-right:0px;--awb-border-radius-bottom-right:0px;--awb-border-radius-bottom-left:0px;--awb-flex-wrap:wrap;\" ><div class=\"fusion-builder-row fusion-row fusion-flex-align-items-flex-start fusion-flex-content-wrap\" style=\"width:104% !important;max-width:104% !important;margin-left: calc(-4% \/ 2 );margin-right: calc(-4% \/ 2 );\"><div class=\"fusion-layout-column fusion_builder_column fusion-builder-column-26 fusion_builder_column_1_1 1_1 fusion-flex-column\" style=\"--awb-bg-size:cover;--awb-width-large:100%;--awb-flex-grow:0;--awb-flex-shrink:0;--awb-margin-top-large:0px;--awb-spacing-right-large:1.92%;--awb-margin-bottom-large:0px;--awb-spacing-left-large:1.92%;--awb-width-medium:100%;--awb-flex-grow-medium:0;--awb-flex-shrink-medium:0;--awb-spacing-right-medium:1.92%;--awb-spacing-left-medium:1.92%;--awb-width-small:100%;--awb-flex-grow-small:0;--awb-flex-shrink-small:0;--awb-spacing-right-small:1.92%;--awb-spacing-left-small:1.92%;\"><div class=\"fusion-column-wrapper fusion-flex-justify-content-flex-start fusion-content-layout-column\"><div class=\"fusion-text fusion-text-28\"><p>The data protection officer needs register to the authority that handles privacy and GDPR questions in their country.<\/p>\n<\/div><\/div><\/div><\/div><\/div>\n<\/div><\/div><\/div><div class=\"fusion-panel panel-default fusion-faq-post fusion-faq-post-13778 dataskyddsombud-en \"><span class=\"entry-title rich-snippet-hidden\">Can an organization have a data protection officer, even if there is no legal requirement for their business?<\/span><span class=\"vcard rich-snippet-hidden\"><span class=\"fn\"><a href=\"https:\/\/cranky-liskov-4cf418.wp.onstaatic.com\/en\/author\/henrik-petterson-secify\/\" title=\"Posts by Henrik Petterson\" rel=\"author\">Henrik Petterson<\/a><\/span><\/span><span class=\"updated rich-snippet-hidden\">2022-10-27T16:37:50+02:00<\/span><div class=\"panel-heading\"><h4 id=\"faq_1-13778\" class=\"panel-title toggle\"><a data-toggle=\"collapse\" class=\"collapsed\" data-parent=\"#accordian-1\" data-target=\"#collapse-1-13778\" href=\"#collapse-1-13778\" aria-expanded=\"false\"><div class=\"fusion-toggle-icon-wrapper\"><div class=\"fusion-toggle-icon-wrapper-main\"><div class=\"fusion-toggle-icon-wrapper-sub\"><i class=\"fa-fusion-box active-icon awb-icon-minus\" aria-hidden=\"true\"><\/i><i class=\"fa-fusion-box inactive-icon awb-icon-plus\" aria-hidden=\"true\"><\/i><\/div><\/div><\/div><div class=\"fusion-toggle-heading\">Can an organization have a data protection officer, even if there is no legal requirement for their business?<\/div><\/a><\/h4><\/div><div id=\"collapse-1-13778\" aria-labelledby=\"faq_1-13778\" class=\"panel-collapse collapse\"><div class=\"panel-body toggle-content post-content\"><div class=\"fusion-fullwidth fullwidth-box fusion-builder-row-8-12 fusion-flex-container nonhundred-percent-fullwidth non-hundred-percent-height-scrolling\" style=\"--awb-border-radius-top-left:0px;--awb-border-radius-top-right:0px;--awb-border-radius-bottom-right:0px;--awb-border-radius-bottom-left:0px;--awb-flex-wrap:wrap;\" ><div class=\"fusion-builder-row fusion-row fusion-flex-align-items-flex-start fusion-flex-content-wrap\" style=\"width:104% !important;max-width:104% !important;margin-left: calc(-4% \/ 2 );margin-right: calc(-4% \/ 2 );\"><div class=\"fusion-layout-column fusion_builder_column fusion-builder-column-27 fusion_builder_column_1_1 1_1 fusion-flex-column\" style=\"--awb-bg-size:cover;--awb-width-large:100%;--awb-flex-grow:0;--awb-flex-shrink:0;--awb-margin-top-large:0px;--awb-spacing-right-large:1.92%;--awb-margin-bottom-large:0px;--awb-spacing-left-large:1.92%;--awb-width-medium:100%;--awb-flex-grow-medium:0;--awb-flex-shrink-medium:0;--awb-spacing-right-medium:1.92%;--awb-spacing-left-medium:1.92%;--awb-width-small:100%;--awb-flex-grow-small:0;--awb-flex-shrink-small:0;--awb-spacing-right-small:1.92%;--awb-spacing-left-small:1.92%;\"><div class=\"fusion-column-wrapper fusion-flex-justify-content-flex-start fusion-content-layout-column\"><div class=\"fusion-text fusion-text-29\"><p>Yes, the fact is that the supervisory authority encourages all organizations to appoint a data protection officer. This is to be able to communicate more easily when necessary with the supervisory authority, as well as to organize the work with data protection.<\/p>\n<\/div><\/div><\/div><\/div><\/div>\n<\/div><\/div><\/div><div class=\"fusion-panel panel-default fusion-faq-post fusion-faq-post-13775 dataskyddsombud-en \"><span class=\"entry-title rich-snippet-hidden\">Can organizations be fined for not appointing a data protection officer?<\/span><span class=\"vcard rich-snippet-hidden\"><span class=\"fn\"><a href=\"https:\/\/cranky-liskov-4cf418.wp.onstaatic.com\/en\/author\/henrik-petterson-secify\/\" title=\"Posts by Henrik Petterson\" rel=\"author\">Henrik Petterson<\/a><\/span><\/span><span class=\"updated rich-snippet-hidden\">2022-10-27T17:18:56+02:00<\/span><div class=\"panel-heading\"><h4 id=\"faq_1-13775\" class=\"panel-title toggle\"><a data-toggle=\"collapse\" class=\"collapsed\" data-parent=\"#accordian-1\" data-target=\"#collapse-1-13775\" href=\"#collapse-1-13775\" aria-expanded=\"false\"><div class=\"fusion-toggle-icon-wrapper\"><div class=\"fusion-toggle-icon-wrapper-main\"><div class=\"fusion-toggle-icon-wrapper-sub\"><i class=\"fa-fusion-box active-icon awb-icon-minus\" aria-hidden=\"true\"><\/i><i class=\"fa-fusion-box inactive-icon awb-icon-plus\" aria-hidden=\"true\"><\/i><\/div><\/div><\/div><div class=\"fusion-toggle-heading\">Can organizations be fined for not appointing a data protection officer?<\/div><\/a><\/h4><\/div><div id=\"collapse-1-13775\" aria-labelledby=\"faq_1-13775\" class=\"panel-collapse collapse\"><div class=\"panel-body toggle-content post-content\"><div class=\"fusion-fullwidth fullwidth-box fusion-builder-row-8-13 fusion-flex-container nonhundred-percent-fullwidth non-hundred-percent-height-scrolling\" style=\"--awb-border-radius-top-left:0px;--awb-border-radius-top-right:0px;--awb-border-radius-bottom-right:0px;--awb-border-radius-bottom-left:0px;--awb-flex-wrap:wrap;\" ><div class=\"fusion-builder-row fusion-row fusion-flex-align-items-flex-start fusion-flex-content-wrap\" style=\"width:104% !important;max-width:104% !important;margin-left: calc(-4% \/ 2 );margin-right: calc(-4% \/ 2 );\"><div class=\"fusion-layout-column fusion_builder_column fusion-builder-column-28 fusion_builder_column_1_1 1_1 fusion-flex-column\" style=\"--awb-bg-size:cover;--awb-width-large:100%;--awb-flex-grow:0;--awb-flex-shrink:0;--awb-margin-top-large:0px;--awb-spacing-right-large:1.92%;--awb-margin-bottom-large:0px;--awb-spacing-left-large:1.92%;--awb-width-medium:100%;--awb-flex-grow-medium:0;--awb-flex-shrink-medium:0;--awb-spacing-right-medium:1.92%;--awb-spacing-left-medium:1.92%;--awb-width-small:100%;--awb-flex-grow-small:0;--awb-flex-shrink-small:0;--awb-spacing-right-small:1.92%;--awb-spacing-left-small:1.92%;\"><div class=\"fusion-column-wrapper fusion-flex-justify-content-flex-start fusion-content-layout-column\"><div class=\"fusion-text fusion-text-30\"><p>The short answer is yes. Organizations that are obliged by law to have a data protection officer (for example government agencies, or socially important actors), may receive sanctions if they have not employed or alternatively implemented a data protection officer function.<\/p>\n<\/div><\/div><\/div><\/div><\/div>\n<\/div><\/div><\/div><div class=\"fusion-panel panel-default fusion-faq-post fusion-faq-post-13772 dataskyddsombud-en \"><span class=\"entry-title rich-snippet-hidden\">Do all organizations need a data protection officer?<\/span><span class=\"vcard rich-snippet-hidden\"><span class=\"fn\"><a href=\"https:\/\/cranky-liskov-4cf418.wp.onstaatic.com\/en\/author\/henrik-petterson-secify\/\" title=\"Posts by Henrik Petterson\" rel=\"author\">Henrik Petterson<\/a><\/span><\/span><span class=\"updated rich-snippet-hidden\">2022-10-27T16:53:23+02:00<\/span><div class=\"panel-heading\"><h4 id=\"faq_1-13772\" class=\"panel-title toggle\"><a data-toggle=\"collapse\" class=\"collapsed\" data-parent=\"#accordian-1\" data-target=\"#collapse-1-13772\" href=\"#collapse-1-13772\" aria-expanded=\"false\"><div class=\"fusion-toggle-icon-wrapper\"><div class=\"fusion-toggle-icon-wrapper-main\"><div class=\"fusion-toggle-icon-wrapper-sub\"><i class=\"fa-fusion-box active-icon awb-icon-minus\" aria-hidden=\"true\"><\/i><i class=\"fa-fusion-box inactive-icon awb-icon-plus\" aria-hidden=\"true\"><\/i><\/div><\/div><\/div><div class=\"fusion-toggle-heading\">Do all organizations need a data protection officer?<\/div><\/a><\/h4><\/div><div id=\"collapse-1-13772\" aria-labelledby=\"faq_1-13772\" class=\"panel-collapse collapse\"><div class=\"panel-body toggle-content post-content\"><div class=\"fusion-fullwidth fullwidth-box fusion-builder-row-8-14 fusion-flex-container nonhundred-percent-fullwidth non-hundred-percent-height-scrolling\" style=\"--awb-border-radius-top-left:0px;--awb-border-radius-top-right:0px;--awb-border-radius-bottom-right:0px;--awb-border-radius-bottom-left:0px;--awb-flex-wrap:wrap;\" ><div class=\"fusion-builder-row fusion-row fusion-flex-align-items-flex-start fusion-flex-content-wrap\" style=\"width:104% !important;max-width:104% !important;margin-left: calc(-4% \/ 2 );margin-right: calc(-4% \/ 2 );\"><div class=\"fusion-layout-column fusion_builder_column fusion-builder-column-29 fusion_builder_column_1_1 1_1 fusion-flex-column\" style=\"--awb-bg-size:cover;--awb-width-large:100%;--awb-flex-grow:0;--awb-flex-shrink:0;--awb-margin-top-large:0px;--awb-spacing-right-large:1.92%;--awb-margin-bottom-large:0px;--awb-spacing-left-large:1.92%;--awb-width-medium:100%;--awb-flex-grow-medium:0;--awb-flex-shrink-medium:0;--awb-spacing-right-medium:1.92%;--awb-spacing-left-medium:1.92%;--awb-width-small:100%;--awb-flex-grow-small:0;--awb-flex-shrink-small:0;--awb-spacing-right-small:1.92%;--awb-spacing-left-small:1.92%;\"><div class=\"fusion-column-wrapper fusion-flex-justify-content-flex-start fusion-content-layout-column\"><div class=\"fusion-text fusion-text-31\"><p>No, not all organizations are required by law to have a data protection officer, but almost all must comply with the GDPR. It can therefore be of great value to a business to have someone who ensures that the ordinance is followed.<\/p>\n<\/div><\/div><\/div><\/div><\/div>\n<\/div><\/div><\/div><\/div><\/div><\/div><\/div><\/div><\/div><\/div><\/div><div class=\"fusion-fullwidth fullwidth-box fusion-builder-row-9 fusion-flex-container nonhundred-percent-fullwidth non-hundred-percent-height-scrolling\" style=\"--awb-border-radius-top-left:0px;--awb-border-radius-top-right:0px;--awb-border-radius-bottom-right:0px;--awb-border-radius-bottom-left:0px;--awb-flex-wrap:wrap;\" ><div class=\"fusion-builder-row fusion-row fusion-flex-align-items-flex-start fusion-flex-content-wrap\" style=\"max-width:1248px;margin-left: calc(-4% \/ 2 );margin-right: calc(-4% \/ 2 );\"><div class=\"fusion-layout-column fusion_builder_column fusion-builder-column-30 fusion_builder_column_1_2 1_2 fusion-flex-column\" style=\"--awb-bg-size:cover;--awb-width-large:50%;--awb-flex-grow:0;--awb-flex-shrink:0;--awb-margin-top-large:0px;--awb-spacing-right-large:3.84%;--awb-margin-bottom-large:20px;--awb-spacing-left-large:3.84%;--awb-width-medium:50%;--awb-flex-grow-medium:0;--awb-flex-shrink-medium:0;--awb-spacing-right-medium:3.84%;--awb-spacing-left-medium:3.84%;--awb-width-small:100%;--awb-flex-grow-small:0;--awb-flex-shrink-small:0;--awb-spacing-right-small:1.92%;--awb-spacing-left-small:1.92%;\"><div class=\"fusion-column-wrapper fusion-flex-justify-content-flex-start fusion-content-layout-column\"><div class=\"fusion-separator fusion-full-width-sep\" style=\"align-self: center;margin-left: auto;margin-right: auto;margin-top:20px;margin-bottom:20px;width:100%;\"><\/div><div class=\"fusion-text fusion-text-32\"><p><a name=\"kontakt\"><\/a>Contact us!<\/p>\n<\/div><div class=\"fusion-text fusion-text-33\"><p>If this seems interesting to your company, you can either send a message using the contact function, or simply pick up the phone and call.<\/p>\n<p>Phone: +4620 \u2013 66 99 00<br \/>\nVisiting address: \u00d6stra Storgatan 67, J\u00f6nk\u00f6ping<\/p>\n<\/div><\/div><\/div><div class=\"fusion-layout-column fusion_builder_column fusion-builder-column-31 fusion_builder_column_1_1 1_1 fusion-flex-column\" style=\"--awb-bg-size:cover;--awb-width-large:100%;--awb-flex-grow:0;--awb-flex-shrink:0;--awb-margin-top-large:0px;--awb-spacing-right-large:1.92%;--awb-margin-bottom-large:20px;--awb-spacing-left-large:1.92%;--awb-width-medium:100%;--awb-order-medium:0;--awb-flex-grow-medium:0;--awb-flex-shrink-medium:0;--awb-spacing-right-medium:1.92%;--awb-spacing-left-medium:1.92%;--awb-width-small:100%;--awb-order-small:0;--awb-flex-grow-small:0;--awb-flex-shrink-small:0;--awb-spacing-right-small:1.92%;--awb-spacing-left-small:1.92%;\"><div class=\"fusion-column-wrapper fusion-column-has-shadow fusion-flex-justify-content-flex-start fusion-content-layout-column\"><div id=\"zf_div_PANo_hcoduuCrJRkd3mSEJMAeGO5IG6UxDtGBkLhrzM\"><\/div><script type=\"text\/javascript\">(function() {\ntry{\nvar f = document.createElement(\"iframe\");\nf.src = 'https:\/\/forms.secify.com\/secify\/form\/KontaktformulrEngelsktGenerellt\/formperma\/PANo_hcoduuCrJRkd3mSEJMAeGO5IG6UxDtGBkLhrzM?zf_rszfm=1';\nf.style.border=\"none\";\nf.style.height=\"794px\";\nf.style.width=\"90%\";\nf.style.transition=\"all 0.5s ease\";\nvar d = document.getElementById(\"zf_div_PANo_hcoduuCrJRkd3mSEJMAeGO5IG6UxDtGBkLhrzM\");\nd.appendChild(f);\nwindow.addEventListener('message', function (){\nvar evntData = event.data;\nif( evntData && evntData.constructor == String ){\nvar zf_ifrm_data = evntData.split(\"|\");\nif ( zf_ifrm_data.length == 2 ) {\nvar zf_perma = zf_ifrm_data[0];\nvar zf_ifrm_ht_nw = ( parseInt(zf_ifrm_data[1], 10) + 15 ) + \"px\";\nvar iframe = document.getElementById(\"zf_div_PANo_hcoduuCrJRkd3mSEJMAeGO5IG6UxDtGBkLhrzM\").getElementsByTagName(\"iframe\")[0];\nif ( (iframe.src).indexOf('formperma') > 0 && (iframe.src).indexOf(zf_perma) > 0 ) {\nvar prevIframeHeight = iframe.style.height;\nif ( prevIframeHeight != zf_ifrm_ht_nw ) {\niframe.style.height = zf_ifrm_ht_nw;\n}\n}\n}\n}\n}, false);\n}catch(e){}\n})();<\/script><\/div><\/div>\n<\/div><\/div>\n","protected":false},"excerpt":{"rendered":"","protected":false},"author":9,"featured_media":0,"parent":8845,"menu_order":0,"comment_status":"closed","ping_status":"closed","template":"100-width.php","meta":{"staatic_meta_publish":"","footnotes":""},"class_list":["post-13744","page","type-page","status-publish","hentry"],"_links":{"self":[{"href":"https:\/\/cranky-liskov-4cf418.wp.onstaatic.com\/en\/wp-json\/wp\/v2\/pages\/13744","targetHints":{"allow":["GET"]}}],"collection":[{"href":"https:\/\/cranky-liskov-4cf418.wp.onstaatic.com\/en\/wp-json\/wp\/v2\/pages"}],"about":[{"href":"https:\/\/cranky-liskov-4cf418.wp.onstaatic.com\/en\/wp-json\/wp\/v2\/types\/page"}],"author":[{"embeddable":true,"href":"https:\/\/cranky-liskov-4cf418.wp.onstaatic.com\/en\/wp-json\/wp\/v2\/users\/9"}],"replies":[{"embeddable":true,"href":"https:\/\/cranky-liskov-4cf418.wp.onstaatic.com\/en\/wp-json\/wp\/v2\/comments?post=13744"}],"version-history":[{"count":5,"href":"https:\/\/cranky-liskov-4cf418.wp.onstaatic.com\/en\/wp-json\/wp\/v2\/pages\/13744\/revisions"}],"predecessor-version":[{"id":22889,"href":"https:\/\/cranky-liskov-4cf418.wp.onstaatic.com\/en\/wp-json\/wp\/v2\/pages\/13744\/revisions\/22889"}],"up":[{"embeddable":true,"href":"https:\/\/cranky-liskov-4cf418.wp.onstaatic.com\/en\/wp-json\/wp\/v2\/pages\/8845"}],"wp:attachment":[{"href":"https:\/\/cranky-liskov-4cf418.wp.onstaatic.com\/en\/wp-json\/wp\/v2\/media?parent=13744"}],"curies":[{"name":"wp","href":"https:\/\/api.w.org\/{rel}","templated":true}]}}